{"id":11936,"date":"2021-12-15T16:17:55","date_gmt":"2021-12-15T15:17:55","guid":{"rendered":"https:\/\/www.aegm.org\/?page_id=11936"},"modified":"2021-12-15T16:17:55","modified_gmt":"2021-12-15T15:17:55","slug":"espace-prive","status":"publish","type":"page","link":"https:\/\/www.aegm.org\/fr\/espace-prive\/","title":{"rendered":"Espace priv\u00e9"},"content":{"rendered":"\t\t<div data-elementor-type=\"wp-page\" data-elementor-id=\"11936\" class=\"elementor elementor-11936 elementor-11016\" data-elementor-settings=\"[]\">\n\t\t\t\t\t\t\t<div class=\"elementor-section-wrap\">\n\t\t\t\t\t\t\t<section class=\"elementor-section elementor-top-section elementor-element elementor-element-6edf76eb elementor-reverse-tablet elementor-reverse-mobile elementor-section-boxed elementor-section-height-default elementor-section-height-default\" data-id=\"6edf76eb\" data-element_type=\"section\">\n\t\t\t\t\t\t<div class=\"elementor-container elementor-column-gap-default\">\n\t\t\t\t\t<div class=\"elementor-column elementor-col-100 elementor-top-column elementor-element elementor-element-64754fed\" data-id=\"64754fed\" data-element_type=\"column\">\n\t\t\t<div class=\"elementor-widget-wrap elementor-element-populated\">\n\t\t\t\t\t\t\t\t<div class=\"elementor-element elementor-element-6c2442b1 elementor-widget elementor-widget-hub_fancy_heading\" data-id=\"6c2442b1\" data-element_type=\"widget\" data-widget_type=\"hub_fancy_heading.default\">\n\t\t\t\t<div class=\"elementor-widget-container\">\n\t\t\t\n\t\t<div id=\"ld-fancy-heading-69ee127f2c490\" class=\"ld-fancy-heading\">\n\t\t\t<h3 class=\"ld-fh-element elementor-heading-title lqd-highlight-underline lqd-highlight-grow-left h3\"  > Zona exclusiva para socios<\/h3>\t\t<\/div>\n\n\t\t\t\t<\/div>\n\t\t\t\t<\/div>\n\t\t\t\t<div class=\"elementor-element elementor-element-dbc88ad elementor-widget elementor-widget-ld_accordion\" data-id=\"dbc88ad\" data-element_type=\"widget\" data-widget_type=\"ld_accordion.default\">\n\t\t\t\t<div class=\"elementor-widget-container\">\n\t\t\t\n\t\t<div class=\"accordion accordion-title-underlined accordion-lg accordion-expander-left accordion-expander-lg accordion-active-has-fill\" id=\"accordion-69ee127f2e132\" role=\"tablist\" aria-multiselectable=\"true\">\n\t\t\t\t\t\t\t\t\t\t\t\t<div class=\"accordion-item panel \">\n\t\t\t\t\n\t\t\t\t<div class=\"accordion-heading\" role=\"tab\" id=\"heading-2301\">\n\t\t\t\t<h4 class=\"accordion-title\">\n\t\t\t\t\t<a class=\"collapsed\" role=\"button\" data-toggle=\"collapse\" \n\t\t\t\t\tdata-parent=\"#accordion-69ee127f2e132\" href=\"#collapse-2301\" \n\t\t\t\t\taria-expanded=\"false\" aria-controls=\"collapse-2301\">\n\t\n\t\t\t\t\t\tSeguros\n\t\t\t\t\t\t<span class=\"accordion-expander\">\n\t\t\t\t\t\t\t<i class=\"lqd-icn-ess icon-ion-ios-add\"><\/i>\n\t\t\t\t\t\t\t<i class=\"lqd-icn-ess icon-ion-ios-remove\"><\/i>\n\t\t\t\t\t\t<\/span>\n\t\t\t\t\t<\/a>\n\t\t\t\t<\/h4>\n\t\t\t\t<\/div>\n\t\t\t\t\n\t\t\t\t<div id=\"collapse-2301\" class=\"accordion-collapse collapse \" role=\"tabpanel\" aria-labelledby=\"heading-2301\">\n\n\t\t\t\t<div class=\"accordion-content\">\n\t\t\t\t\t<p style=\"text-align: justify;\">Si est\u00e1s interesado en contratar los seguros que dispone el colectivo AEGM, deber\u00e1s ponerte en contacto con la corredur\u00eda de seguros BROKERS D\u00b4OC S.L, con domicilio en C\/ Aneto n\u00ba 7, bajos, 25530 Vielha, Lleida, llamando al Tel\u00e9fono de contacto 973 64 03 95, o bien enviando un mail a info@brokersdoc.com.<\/p><p><img decoding=\"async\" class=\"alignnone size-medium wp-image-11021\" src=\"https:\/\/www.aegm.org\/wp-content\/uploads\/2021\/11\/brokers-oc-300x74.jpg\" alt=\"\" width=\"300\" height=\"74\" srcset=\"https:\/\/www.aegm.org\/wp-content\/uploads\/2021\/11\/brokers-oc-300x74.jpg 300w, https:\/\/www.aegm.org\/wp-content\/uploads\/2021\/11\/brokers-oc.jpg 320w\" sizes=\"(max-width: 300px) 100vw, 300px\" \/><\/p><p style=\"text-align: justify;\">Personas de contacto, Silvia y\/o Paula.<\/p><p style=\"text-align: justify;\">La informaci\u00f3n que os solicitar\u00e1 la corredur\u00eda es esta:<\/p><p style=\"text-align: justify;\">NOMBRE Y APELLIDOS, D.N.I, FECHA DE NACIMIENTO, DIRECCI\u00d3N, C\u00d3DIGO POSTAL, POBLACI\u00d3N, PROVINCIA, EMAIL, TEL\u00c9FONOS, N\u00ba DE SOCIO DE LA AEGM, N\u00ba DE CUENTA, FECHA DE ALTA DE LA P\u00d3LIZA DE RESPONSABILIDAD CIVIL, FECHA DE ALTA DE LA P\u00d3LIZA DE ACCIDENTES (s\u00f3lo si est\u00e1s interesado en contratarla), P\u00d3LIZA ACCIDENTES N\u00ba DE PARTICIPANTES (s\u00f3lo si est\u00e1s interesado en contratarla), ACTIVIDADES QUE REALIZAS Y LUGAR.<\/p><p style=\"text-align: justify;\">INFORMACION RELATIVA A LOS SEGUROS DE RESPONSABILIDAD CIVIL Y ACCIDENTES aqu\u00ed encontrar\u00e1s la informaci\u00f3n de coberturas de la p\u00f3liza con sus l\u00edmites y el coste anual de cada una. <a href=\"https:\/\/www.aegm.org\/wp-content\/uploads\/2021\/11\/AEGM-2021-CONDICIONES-RC-ACCIDENTES.pdf\" target=\"_blank\" rel=\"noopener\">Descargar seguros de responsabilidad civil y accidentes<\/a><\/p><p style=\"text-align: justify;\">2\u00aa CAPA DE RESPONSABILIDAD CIVIL, CUESTIONARIO DE CONTRATACI\u00d3N Si est\u00e1s interesado en ampliar el capital de Responsabilidad Civil a 10.000.000\u20ac, tendr\u00e1s que enviar este cuestionario cumplimentado y firmado a la corredur\u00eda. El coste de esta ampliaci\u00f3n aparece en el documento anterior de informaci\u00f3n seguros. <a href=\"https:\/\/www.aegm.org\/wp-content\/uploads\/2021\/11\/CUESTIONARIO-2a-CAPAS-GUIAS-DE-MONTANA-2019.pdf\" target=\"_blank\" rel=\"noopener\">Descargar cuestionario 2\u00aa capa<\/a><\/p><p style=\"text-align: justify;\">DOCUMENTACION EN CASO DE SINIESTRO DE RESPONSABILIDAD CIVIL O DE ACCIDENTES Aqu\u00ed dispones de toda la informaci\u00f3n de c\u00f3mo hay que actuar en caso de accidente o reclamaci\u00f3n, tanto el tlf de contacto de la compa\u00f1\u00eda para asistencia sanitaria, rescate, etc, como los documentos que tendr\u00e1s que cumplimentar y enviar a la corredur\u00eda o compa\u00f1\u00eda. <a href=\"https:\/\/www.aegm.org\/wp-content\/uploads\/2021\/11\/PARTE-DE-SINIESTRO.doc\" target=\"_blank\" rel=\"noopener\">Descargar parte de siniestro<\/a> | <a href=\"https:\/\/www.aegm.org\/wp-content\/uploads\/2021\/11\/PROTOCOLO-SINIESTRO-aegm3.pdf\" target=\"_blank\" rel=\"noopener\">Descargar protocolo de siniestro<\/a> | <a href=\"https:\/\/www.aegm.org\/wp-content\/uploads\/2021\/11\/PROCEDIMIENTO-SINIESTROS-RC-Guias-de-montaa.pdf\" target=\"_blank\" rel=\"noopener\">Descargar procedimiento siniestro responsabilidad civil<\/a><\/p><p style=\"text-align: justify;\">La corredur\u00eda est\u00e1 a vuestra disposici\u00f3n para resolver cualquier consulta o duda a cerca de los seguros.<\/p><p style=\"text-align: justify;\">Junta Directiva AEGM<\/p><p><img decoding=\"async\" class=\"alignnone size-full wp-image-11023\" src=\"https:\/\/www.aegm.org\/wp-content\/uploads\/2021\/11\/millenium-seguros.jpg\" alt=\"\" width=\"200\" height=\"100\" \/><\/p>\t\t\t\t<\/div>\n\t\t\t\t\t\t\n\t\t\t\t<\/div>\n\t\t\t\t\n\t\t\t<\/div>\n\t\t\t\t\t\t\t\t\t<div class=\"accordion-item panel \">\n\t\t\t\t\n\t\t\t\t<div class=\"accordion-heading\" role=\"tab\" id=\"heading-2302\">\n\t\t\t\t<h4 class=\"accordion-title\">\n\t\t\t\t\t<a class=\"collapsed\" role=\"button\" data-toggle=\"collapse\" \n\t\t\t\t\tdata-parent=\"#accordion-69ee127f2e132\" href=\"#collapse-2302\" \n\t\t\t\t\taria-expanded=\"false\" aria-controls=\"collapse-2302\">\n\t\n\t\t\t\t\t\tFormularios\n\t\t\t\t\t\t<span class=\"accordion-expander\">\n\t\t\t\t\t\t\t<i class=\"lqd-icn-ess icon-ion-ios-add\"><\/i>\n\t\t\t\t\t\t\t<i class=\"lqd-icn-ess icon-ion-ios-remove\"><\/i>\n\t\t\t\t\t\t<\/span>\n\t\t\t\t\t<\/a>\n\t\t\t\t<\/h4>\n\t\t\t\t<\/div>\n\t\t\t\t\n\t\t\t\t<div id=\"collapse-2302\" class=\"accordion-collapse collapse \" role=\"tabpanel\" aria-labelledby=\"heading-2302\">\n\n\t\t\t\t<div class=\"accordion-content\">\n\t\t\t\t\t<p style=\"text-align: justify;\"><a href=\"https:\/\/www.aegm.org\/wp-content\/uploads\/2021\/11\/Modelo-contrato-con-los-clientes-AEGM-individual.doc\" target=\"_blank\" rel=\"noopener\">Desc\u00e1rgate aqu\u00ed un modelo de contrato con el cliente<\/a><\/p>\t\t\t\t<\/div>\n\t\t\t\t\t\t\n\t\t\t\t<\/div>\n\t\t\t\t\n\t\t\t<\/div>\n\t\t\t\t\t\t\t\t\t<div class=\"accordion-item panel \">\n\t\t\t\t\n\t\t\t\t<div class=\"accordion-heading\" role=\"tab\" id=\"heading-2303\">\n\t\t\t\t<h4 class=\"accordion-title\">\n\t\t\t\t\t<a class=\"collapsed\" role=\"button\" data-toggle=\"collapse\" \n\t\t\t\t\tdata-parent=\"#accordion-69ee127f2e132\" href=\"#collapse-2303\" \n\t\t\t\t\taria-expanded=\"false\" aria-controls=\"collapse-2303\">\n\t\n\t\t\t\t\t\tTr\u00e1mites\n\t\t\t\t\t\t<span class=\"accordion-expander\">\n\t\t\t\t\t\t\t<i class=\"lqd-icn-ess icon-ion-ios-add\"><\/i>\n\t\t\t\t\t\t\t<i class=\"lqd-icn-ess icon-ion-ios-remove\"><\/i>\n\t\t\t\t\t\t<\/span>\n\t\t\t\t\t<\/a>\n\t\t\t\t<\/h4>\n\t\t\t\t<\/div>\n\t\t\t\t\n\t\t\t\t<div id=\"collapse-2303\" class=\"accordion-collapse collapse \" role=\"tabpanel\" aria-labelledby=\"heading-2303\">\n\n\t\t\t\t<div class=\"accordion-content\">\n\t\t\t\t\t<p style=\"text-align: justify;\">Libre establecimiento en la Uni\u00f3n Europea para gu\u00edas UIAGM: <a href=\"https:\/\/www.aegm.org\/wp-content\/uploads\/2021\/11\/carta-presentacion-uiagm.pdf\" target=\"_blank\" rel=\"noopener\">Carta presentaci\u00f3n UIAGM.<\/a> | <a href=\"https:\/\/www.aegm.org\/wp-content\/uploads\/2021\/11\/carta-idioma-uiagm.pdf\" target=\"_blank\" rel=\"noopener\">Carta idioma UIAGM.<\/a> | <a href=\"https:\/\/www.aegm.org\/wp-content\/uploads\/2021\/11\/carta-residencial-uiagm.pdf\" target=\"_blank\" rel=\"noopener\">Carta residencia UIAGM.<\/a> | <a href=\"https:\/\/www.aegm.org\/wp-content\/uploads\/2021\/11\/solicitud-epc-guias.pdf\" target=\"_blank\" rel=\"noopener\">Solicitud EPC gu\u00edas<\/a><\/p><p style=\"text-align: justify;\">Libre establecimiento en Francia para Gu\u00edas de Barrancos: <a href=\"https:\/\/www.aegm.org\/wp-content\/uploads\/2021\/11\/documentacion-a-aportar-guias-barrancos.pdf\" target=\"_blank\" rel=\"noopener\">Documentaci\u00f3n a aportar Gu\u00edas Barrancos<\/a> | <a href=\"https:\/\/www.aegm.org\/wp-content\/uploads\/2021\/11\/carta-idioma-barrancos.docx\" target=\"_blank\" rel=\"noopener\">Carta idioma Barrancos<\/a> | <a href=\"https:\/\/www.aegm.org\/wp-content\/uploads\/2021\/11\/traduccion-de-los-contenidos-del-titulo-de-tecnico-deportivo-de-barrancos.pdf\" target=\"_blank\" rel=\"noopener\">Traducci\u00f3n de los contenidos del t\u00edtulo de t\u00e9cnico deportivo de Barrancos<\/a><\/p><p style=\"text-align: justify;\">Libre establecimiento en Suiza para Gu\u00edas UIAGM: <a href=\"https:\/\/www.aegm.org\/wp-content\/uploads\/2021\/11\/libre-establecimiento-en-suiza-para-guias-uiagm-doc-1.pdf\" target=\"_blank\" rel=\"noopener\">Documento 1<\/a> | <a href=\"https:\/\/www.aegm.org\/wp-content\/uploads\/2021\/11\/libre-establecimiento-en-suiza-para-guias-uiagm-doc-2.pdf\" target=\"_blank\" rel=\"noopener\">Documento 2<\/a><\/p><p style=\"text-align: justify;\">AEGM, requisitos gu\u00edas media monta\u00f1a UIMLA: <a href=\"https:\/\/www.aegm.org\/wp-content\/uploads\/2021\/11\/aegm-requisitos-guias-media-montana-uimla.pdf\" target=\"_blank\" rel=\"noopener\">Documento<\/a><\/p><p style=\"text-align: justify;\">Informaci\u00f3n tr\u00e1mites socios: <a href=\"https:\/\/www.aegm.org\/wp-content\/uploads\/2021\/11\/informacion-tramites-socios.pdf\" target=\"_blank\" rel=\"noopener\">Documento<\/a><\/p>\t\t\t\t<\/div>\n\t\t\t\t\t\t\n\t\t\t\t<\/div>\n\t\t\t\t\n\t\t\t<\/div>\n\t\t\t\t\t\t\t\t\t<div class=\"accordion-item panel \">\n\t\t\t\t\n\t\t\t\t<div class=\"accordion-heading\" role=\"tab\" id=\"heading-2304\">\n\t\t\t\t<h4 class=\"accordion-title\">\n\t\t\t\t\t<a class=\"collapsed\" role=\"button\" data-toggle=\"collapse\" \n\t\t\t\t\tdata-parent=\"#accordion-69ee127f2e132\" href=\"#collapse-2304\" \n\t\t\t\t\taria-expanded=\"false\" aria-controls=\"collapse-2304\">\n\t\n\t\t\t\t\t\tActas\n\t\t\t\t\t\t<span class=\"accordion-expander\">\n\t\t\t\t\t\t\t<i class=\"lqd-icn-ess icon-ion-ios-add\"><\/i>\n\t\t\t\t\t\t\t<i class=\"lqd-icn-ess icon-ion-ios-remove\"><\/i>\n\t\t\t\t\t\t<\/span>\n\t\t\t\t\t<\/a>\n\t\t\t\t<\/h4>\n\t\t\t\t<\/div>\n\t\t\t\t\n\t\t\t\t<div id=\"collapse-2304\" class=\"accordion-collapse collapse \" role=\"tabpanel\" aria-labelledby=\"heading-2304\">\n\n\t\t\t\t<div class=\"accordion-content\">\n\t\t\t\t\t<p style=\"text-align: justify;\"><strong>Actas asambleas generales<\/strong><\/p><p style=\"text-align: justify;\">Las Asambleas Generales tal y como aprueban los estatutos de la AEGM se realizan anualmente y en ellas los miembros de la Junta Directiva exponen las actuaciones llevadas a cabo durante el a\u00f1o en curso y cu\u00e1les ser\u00e1n las l\u00edneas que seguir\u00e1n en el pr\u00f3ximo a\u00f1o. Tambi\u00e9n se aprueban las cuentas y el presupuesto anual. Los asociados pueden expresar sus opiniones al respecto del funcionamiento de la Asociaci\u00f3n y aportar ideas que ayuden a cumplir los objetivos de la Asociaci\u00f3n.<\/p><p style=\"text-align: justify;\"><a href=\"https:\/\/www.aegm.org\/wp-content\/uploads\/2021\/11\/acta-asamblea-general-2011.pdf\" target=\"_blank\" rel=\"noopener\">Aqu\u00ed puedes descargar el acta de la Asamblea General celebrada en Jaca en 2011.<\/a><\/p><p style=\"text-align: justify;\"><a href=\"https:\/\/www.aegm.org\/wp-content\/uploads\/2021\/11\/acta_asamblea_general_2012.pdf\" target=\"_blank\" rel=\"noopener\">Aqu\u00ed puedes descargar el acta de la Asamblea General celebrada en Gredos en 2012.<\/a><\/p><p style=\"text-align: justify;\"><a href=\"https:\/\/www.aegm.org\/wp-content\/uploads\/2021\/11\/acta-asamblea-general-2013-jaca-definitiva.pdf\" target=\"_blank\" rel=\"noopener\">Aqu\u00ed puedes descargar el acta de la Asamblea General celebrada en Jaca en 2013.<\/a><\/p><p style=\"text-align: justify;\"><a href=\"https:\/\/www.aegm.org\/wp-content\/uploads\/2021\/11\/anexo-acta-asamble-general-15-noviembre-2013.pdf\" target=\"_blank\" rel=\"noopener\">Anexo Acta Asamblea General 2013.<\/a><\/p><p style=\"text-align: justify;\"><a href=\"https:\/\/www.aegm.org\/wp-content\/uploads\/2021\/11\/ACTA-ASAMBLEA-GENERAL-2014-SALARDU.pdf\" target=\"_blank\" rel=\"noopener\">Aqu\u00ed puedes descargar el acta de la Asamblea General celebrada en Salard\u00fa en 2014.<\/a><\/p><p style=\"text-align: justify;\"><a href=\"https:\/\/www.aegm.org\/wp-content\/uploads\/2021\/11\/acta-2015.pdf\" target=\"_blank\" rel=\"noopener\">Acta de la Asamblea General de la AEGM, celebrada en Jaca en 2015.<\/a><\/p><p style=\"text-align: justify;\"><a href=\"https:\/\/www.aegm.org\/wp-content\/uploads\/2021\/11\/Acta-asamblea-general-2016.pdf\" target=\"_blank\" rel=\"noopener\">Acta de la Asamblea General de la AEGM, celebrada en Durango en 2016<\/a><\/p><p style=\"text-align: justify;\"><a href=\"https:\/\/www.aegm.org\/wp-content\/uploads\/2021\/11\/ActaAsambleaGeneral2017Jaca.pdf\" target=\"_blank\" rel=\"noopener\">Acta de la Asamblea General de la AEGM, celebrada en Jaca en 2017<\/a><\/p><p style=\"text-align: justify;\"><a href=\"https:\/\/www.aegm.org\/wp-content\/uploads\/2021\/11\/ActaAsambleaGeneral2018Madrid.pdf\" target=\"_blank\" rel=\"noopener\">Acta de la Asamblea General de la AEGM, celebrada en Colmenar Viejo 2018<\/a><\/p><p style=\"text-align: justify;\"><a href=\"https:\/\/www.aegm.org\/wp-content\/uploads\/2021\/11\/candidatos-oficiales-17-12-19.pdf\" target=\"_blank\" rel=\"noopener\">Candidatos oficiales elecciones de la AEGM, Jaca, diciembre 2019<\/a><\/p><p style=\"text-align: justify;\"><a href=\"https:\/\/www.aegm.org\/wp-content\/uploads\/2021\/11\/acta-elecciones-17-diciembre-2019.pdf\" target=\"_blank\" rel=\"noopener\">Acta elecciones de la AEGM, celebradas en Jaca, diciembre 2019<\/a><\/p><p style=\"text-align: justify;\"><a href=\"https:\/\/www.aegm.org\/wp-content\/uploads\/2021\/11\/acta-asamblea-jaca-2019.pdf\" target=\"_blank\" rel=\"noopener\">Acta de la Asamblea General de la AEGM, celebrada en Jaca 2019<\/a><\/p><p style=\"text-align: justify;\"><a href=\"https:\/\/www.aegm.org\/wp-content\/uploads\/2021\/11\/AEGM2020.pdf\" target=\"_blank\" rel=\"noopener\">Informe anual AEGM 2020<\/a><\/p><p style=\"text-align: justify;\"><a href=\"https:\/\/www.aegm.org\/wp-content\/uploads\/2021\/11\/acta-asamblea-4-junio-2021-ver2.pdf\" target=\"_blank\" rel=\"noopener\">Acta de la Asamblea General de la AEGM, celebrada en Jaca 2021<\/a><\/p>\t\t\t\t<\/div>\n\t\t\t\t\t\t\n\t\t\t\t<\/div>\n\t\t\t\t\n\t\t\t<\/div>\n\t\t\t\t\t\t\t\t\t<div class=\"accordion-item panel \">\n\t\t\t\t\n\t\t\t\t<div class=\"accordion-heading\" role=\"tab\" id=\"heading-2305\">\n\t\t\t\t<h4 class=\"accordion-title\">\n\t\t\t\t\t<a class=\"collapsed\" role=\"button\" data-toggle=\"collapse\" \n\t\t\t\t\tdata-parent=\"#accordion-69ee127f2e132\" href=\"#collapse-2305\" \n\t\t\t\t\taria-expanded=\"false\" aria-controls=\"collapse-2305\">\n\t\n\t\t\t\t\t\tEstatutos\n\t\t\t\t\t\t<span class=\"accordion-expander\">\n\t\t\t\t\t\t\t<i class=\"lqd-icn-ess icon-ion-ios-add\"><\/i>\n\t\t\t\t\t\t\t<i class=\"lqd-icn-ess icon-ion-ios-remove\"><\/i>\n\t\t\t\t\t\t<\/span>\n\t\t\t\t\t<\/a>\n\t\t\t\t<\/h4>\n\t\t\t\t<\/div>\n\t\t\t\t\n\t\t\t\t<div id=\"collapse-2305\" class=\"accordion-collapse collapse \" role=\"tabpanel\" aria-labelledby=\"heading-2305\">\n\n\t\t\t\t<div class=\"accordion-content\">\n\t\t\t\t\t<p style=\"text-align: justify;\">La Asociaci\u00f3n Espa\u00f1ola de Gu\u00edas de Monta\u00f1a es una asociaci\u00f3n sin \u00e1nimo de lucro inscrita en el Registro de Asociaciones Profesionales del Ministerio de Trabajo con el n\u00famero 5294 y que tiene como principal objetivo la mejora de las condiciones socio laborales de los gu\u00edas, t\u00e9cnicos deportivos, y la mejora de la calidad de los servicios ofertados.<\/p><p style=\"text-align: justify;\"><a href=\"https:\/\/www.aegm.org\/wp-content\/uploads\/2021\/11\/estatutos-aegm.pdf\" target=\"_blank\" rel=\"noopener\">Descarga aqu\u00ed los estatutos de la AEGM completos con las \u00faltimas modificaciones del 2007.<\/a><\/p>\t\t\t\t<\/div>\n\t\t\t\t\t\t\n\t\t\t\t<\/div>\n\t\t\t\t\n\t\t\t<\/div>\n\t\t\t\t\t\t\t\t\t<div class=\"accordion-item panel \">\n\t\t\t\t\n\t\t\t\t<div class=\"accordion-heading\" role=\"tab\" id=\"heading-2306\">\n\t\t\t\t<h4 class=\"accordion-title\">\n\t\t\t\t\t<a class=\"collapsed\" role=\"button\" data-toggle=\"collapse\" \n\t\t\t\t\tdata-parent=\"#accordion-69ee127f2e132\" href=\"#collapse-2306\" \n\t\t\t\t\taria-expanded=\"false\" aria-controls=\"collapse-2306\">\n\t\n\t\t\t\t\t\tReglamentos\n\t\t\t\t\t\t<span class=\"accordion-expander\">\n\t\t\t\t\t\t\t<i class=\"lqd-icn-ess icon-ion-ios-add\"><\/i>\n\t\t\t\t\t\t\t<i class=\"lqd-icn-ess icon-ion-ios-remove\"><\/i>\n\t\t\t\t\t\t<\/span>\n\t\t\t\t\t<\/a>\n\t\t\t\t<\/h4>\n\t\t\t\t<\/div>\n\t\t\t\t\n\t\t\t\t<div id=\"collapse-2306\" class=\"accordion-collapse collapse \" role=\"tabpanel\" aria-labelledby=\"heading-2306\">\n\n\t\t\t\t<div class=\"accordion-content\">\n\t\t\t\t\t<p style=\"text-align: justify;\">Con el fin de regular los diferentes aspectos de funcionamiento de la Asociaci\u00f3n la AEGM ha dise\u00f1ado los siguientes reglamentos:<\/p><p style=\"text-align: justify;\"><a href=\"https:\/\/www.aegm.org\/wp-content\/uploads\/2021\/11\/normativa-aegm-uso-logos-y-terminologa-nuevo.pdf\" target=\"_blank\" rel=\"noopener\">Descarga aqu\u00ed el Reglamento de Uso de Logos.<\/a><\/p><p style=\"text-align: justify;\"><a href=\"https:\/\/www.aegm.org\/wp-content\/uploads\/2021\/11\/REGLAMENTO-RECICLAJES-AEGM-MODIFICADO-SEP-14.pdf\" target=\"_blank\" rel=\"noopener\">Descarga aqu\u00ed el Reglamento de Reciclajes. Modificado en septiembre de 2014.<\/a><\/p><p style=\"text-align: justify;\"><a href=\"https:\/\/www.aegm.org\/wp-content\/uploads\/2021\/11\/Reglamento-de-Formacio\u0301n-y-acceso-UIMLA.pdf\" target=\"_blank\" rel=\"noopener\">Descarga aqu\u00ed el Reglamento de Formaci\u00f3n y acceso UIMLA<\/a><\/p>\t\t\t\t<\/div>\n\t\t\t\t\t\t\n\t\t\t\t<\/div>\n\t\t\t\t\n\t\t\t<\/div>\n\t\t\t\t\t\t\t\t\t<div class=\"accordion-item panel \">\n\t\t\t\t\n\t\t\t\t<div class=\"accordion-heading\" role=\"tab\" id=\"heading-2307\">\n\t\t\t\t<h4 class=\"accordion-title\">\n\t\t\t\t\t<a class=\"collapsed\" role=\"button\" data-toggle=\"collapse\" \n\t\t\t\t\tdata-parent=\"#accordion-69ee127f2e132\" href=\"#collapse-2307\" \n\t\t\t\t\taria-expanded=\"false\" aria-controls=\"collapse-2307\">\n\t\n\t\t\t\t\t\tC\u00f3digo \u00e9tico\n\t\t\t\t\t\t<span class=\"accordion-expander\">\n\t\t\t\t\t\t\t<i class=\"lqd-icn-ess icon-ion-ios-add\"><\/i>\n\t\t\t\t\t\t\t<i class=\"lqd-icn-ess icon-ion-ios-remove\"><\/i>\n\t\t\t\t\t\t<\/span>\n\t\t\t\t\t<\/a>\n\t\t\t\t<\/h4>\n\t\t\t\t<\/div>\n\t\t\t\t\n\t\t\t\t<div id=\"collapse-2307\" class=\"accordion-collapse collapse \" role=\"tabpanel\" aria-labelledby=\"heading-2307\">\n\n\t\t\t\t<div class=\"accordion-content\">\n\t\t\t\t\t<p style=\"text-align: justify;\">El C\u00f3digo de \u00c9tica Profesional de la UIAGM, aprobado en la Asamblea General de la UIAGM celebrada los d\u00edas 12 y 13 Noviembre de 2007 en Matsumoto, Jap\u00f3n, es un conjunto de normas de buena conducta. Promueve la buena imagen de los gu\u00edas de monta\u00f1a ante el p\u00fablico, sus clientes y las instituciones, promueve tambi\u00e9n una relaci\u00f3n buena y leal entre los propios gu\u00edas.<\/p><p style=\"text-align: justify;\"><a href=\"https:\/\/www.aegm.org\/wp-content\/uploads\/2021\/11\/codigo-deontologico.pdf\" target=\"_blank\" rel=\"noopener\">Desc\u00e1rgate aqu\u00ed el C\u00f3digo \u00c9tico de los gu\u00edas de monta\u00f1a UIAGM.<\/a><\/p><p style=\"text-align: justify;\"><a href=\"https:\/\/www.aegm.org\/wp-content\/uploads\/2021\/11\/decalogo-de-buenas-practicas.pdf\" target=\"_blank\" rel=\"noopener\">Desc\u00e1rgate aqu\u00ed el Dec\u00e1logo de Buenas Pr\u00e1cticas de los gu\u00edas de monta\u00f1a<\/a><\/p>\t\t\t\t<\/div>\n\t\t\t\t\t\t\n\t\t\t\t<\/div>\n\t\t\t\t\n\t\t\t<\/div>\n\t\t\t\t\t\t\t\t\t<div class=\"accordion-item panel \">\n\t\t\t\t\n\t\t\t\t<div class=\"accordion-heading\" role=\"tab\" id=\"heading-2308\">\n\t\t\t\t<h4 class=\"accordion-title\">\n\t\t\t\t\t<a class=\"collapsed\" role=\"button\" data-toggle=\"collapse\" \n\t\t\t\t\tdata-parent=\"#accordion-69ee127f2e132\" href=\"#collapse-2308\" \n\t\t\t\t\taria-expanded=\"false\" aria-controls=\"collapse-2308\">\n\t\n\t\t\t\t\t\tEncuestas\n\t\t\t\t\t\t<span class=\"accordion-expander\">\n\t\t\t\t\t\t\t<i class=\"lqd-icn-ess icon-ion-ios-add\"><\/i>\n\t\t\t\t\t\t\t<i class=\"lqd-icn-ess icon-ion-ios-remove\"><\/i>\n\t\t\t\t\t\t<\/span>\n\t\t\t\t\t<\/a>\n\t\t\t\t<\/h4>\n\t\t\t\t<\/div>\n\t\t\t\t\n\t\t\t\t<div id=\"collapse-2308\" class=\"accordion-collapse collapse \" role=\"tabpanel\" aria-labelledby=\"heading-2308\">\n\n\t\t\t\t<div class=\"accordion-content\">\n\t\t\t\t\t<p style=\"text-align: justify;\">Resultados de las encuestas realizadas desde la Asociaci\u00f3n la AEGM:<\/p><p style=\"text-align: justify;\"><a href=\"https:\/\/www.aegm.org\/wp-content\/uploads\/2021\/11\/ENCUESTA-SOCIOLABORAL-AEGM-2018.pdf\" target=\"_blank\" rel=\"noopener\">Descargar los resultados de la encuesta sociolaboral AEGM 2018.<\/a><\/p>\t\t\t\t<\/div>\n\t\t\t\t\t\t\n\t\t\t\t<\/div>\n\t\t\t\t\n\t\t\t<\/div>\n\t\t\t\t\t\t\t\t\t<div class=\"accordion-item panel \">\n\t\t\t\t\n\t\t\t\t<div class=\"accordion-heading\" role=\"tab\" id=\"heading-2309\">\n\t\t\t\t<h4 class=\"accordion-title\">\n\t\t\t\t\t<a class=\"collapsed\" role=\"button\" data-toggle=\"collapse\" \n\t\t\t\t\tdata-parent=\"#accordion-69ee127f2e132\" href=\"#collapse-2309\" \n\t\t\t\t\taria-expanded=\"false\" aria-controls=\"collapse-2309\">\n\t\n\t\t\t\t\t\tInforme accidentes\n\t\t\t\t\t\t<span class=\"accordion-expander\">\n\t\t\t\t\t\t\t<i class=\"lqd-icn-ess icon-ion-ios-add\"><\/i>\n\t\t\t\t\t\t\t<i class=\"lqd-icn-ess icon-ion-ios-remove\"><\/i>\n\t\t\t\t\t\t<\/span>\n\t\t\t\t\t<\/a>\n\t\t\t\t<\/h4>\n\t\t\t\t<\/div>\n\t\t\t\t\n\t\t\t\t<div id=\"collapse-2309\" class=\"accordion-collapse collapse \" role=\"tabpanel\" aria-labelledby=\"heading-2309\">\n\n\t\t\t\t<div class=\"accordion-content\">\n\t\t\t\t\t<p style=\"text-align: justify;\"><strong>Modelo de Informe para Accidentes<\/strong><\/p><p style=\"text-align: justify;\">En el siguiente enlace ponemos a vuestra disposici\u00f3n el modelo de informe que usa la AEGM para recoger datos sobre los accidentes de monta\u00f1a con gu\u00eda profesional. Si has sufrido un accidente, por favor, rell\u00e9nalo y env\u00edanoslo a info@aegm.org. Esos datos son absolutamente an\u00f3nimos y confidenciales y la informaci\u00f3n que proporcion\u00e1is nos ayuda a seguir aprendiendo y evitar futuros accidentes. Muchas gracias por vuestra colaboraci\u00f3n.<\/p><p style=\"text-align: justify;\"><a href=\"https:\/\/www.aegm.org\/wp-content\/uploads\/2021\/11\/ficha-de-accidentes-aegm-2.pdf\" target=\"_blank\" rel=\"noopener\">Descargar el Modelo de Informe para Accidentes.<\/a><\/p>\t\t\t\t<\/div>\n\t\t\t\t\t\t\n\t\t\t\t<\/div>\n\t\t\t\t\n\t\t\t<\/div>\n\t\t\t\t\t\t\t\t\t<div class=\"accordion-item panel \">\n\t\t\t\t\n\t\t\t\t<div class=\"accordion-heading\" role=\"tab\" id=\"heading-23010\">\n\t\t\t\t<h4 class=\"accordion-title\">\n\t\t\t\t\t<a class=\"collapsed\" role=\"button\" data-toggle=\"collapse\" \n\t\t\t\t\tdata-parent=\"#accordion-69ee127f2e132\" href=\"#collapse-23010\" \n\t\t\t\t\taria-expanded=\"false\" aria-controls=\"collapse-23010\">\n\t\n\t\t\t\t\t\tAsesoramiento jur\u00eddico\n\t\t\t\t\t\t<span class=\"accordion-expander\">\n\t\t\t\t\t\t\t<i class=\"lqd-icn-ess icon-ion-ios-add\"><\/i>\n\t\t\t\t\t\t\t<i class=\"lqd-icn-ess icon-ion-ios-remove\"><\/i>\n\t\t\t\t\t\t<\/span>\n\t\t\t\t\t<\/a>\n\t\t\t\t<\/h4>\n\t\t\t\t<\/div>\n\t\t\t\t\n\t\t\t\t<div id=\"collapse-23010\" class=\"accordion-collapse collapse \" role=\"tabpanel\" aria-labelledby=\"heading-23010\">\n\n\t\t\t\t<div class=\"accordion-content\">\n\t\t\t\t\t<p style=\"text-align: justify;\">Cambios en la regulaci\u00f3n de la llevanza de los libros regisros en el IRPF<\/p><p style=\"text-align: justify;\">Estimados socios y socias:<\/p><p style=\"text-align: justify;\">Informaros que en el BOE de 17 de julio de 2019, se ha publicado la Orden HAC\/773\/2019, de 28 de junio, por la que se regula la llevanza de los libros registros en el Impuesto sobre la Renta de las Personas F\u00edsicas, en vigor a partir del 18 de julio de 2019 y de aplicaci\u00f3n a las anotaciones registrales correspondientes al ejercicio 2020 y siguientes.<\/p><p style=\"text-align: justify;\">La nueva norma reglamenta a lo largo de 13 art\u00edculos las obligaciones de llevanza de libros registros por parte de empresarios y profesionales, contribuyentes del IRPF.<\/p><p style=\"text-align: justify;\">Las principales novedades que se introducen en la nueva regulaci\u00f3n son las siguientes:<\/p><ul><li style=\"text-align: justify;\">Necesidad de que, en las anotaciones en los libros registros de ventas e ingresos y de compras y gastos se haga constar el NIF de la contraparte de la operaci\u00f3n (nombre y apellidos, raz\u00f3n social o denominaci\u00f3n completa y n\u00famero de identificaci\u00f3n fiscal del destinatario o del obligado a su expedici\u00f3n).<\/li><li style=\"text-align: justify;\">Compatibilidad con otros libros: en esta actualizaci\u00f3n del contenido de los libros registro se ha tratado de dar cierta homogeneidad a la normativa con conceptos previstos en otros impuestos, como por ejemplo en materia de asientos res\u00famenes con el IVA. As\u00ed, en su art\u00edculo 12 se establece que los libros registros regulados en esta orden podr\u00e1n ser utilizados a efectos del IVA, siempre que se ajusten a los requisitos que se establecen en el Reglamento del Impuesto sobre el Valor A\u00f1adido.<\/li><li style=\"text-align: justify;\">Publicaci\u00f3n por parte de la Agencia Tributaria en su p\u00e1gina Web de un formato tipo de libros registros.<\/li><\/ul><p style=\"text-align: justify;\">Esperamos que esta informaci\u00f3n os sea de utilidad y, a los que os afecte, que la teng\u00e1is en cuenta de cara al ejercicio 2020. Un saludo,<\/p><p style=\"text-align: justify;\">Fernando Sierra Comit\u00e9 Jur\u00eddico AEGM<\/p><p style=\"text-align: justify;\"><a href=\"https:\/\/www.aegm.org\/wp-content\/uploads\/2021\/11\/Asesoramiento-juridico-basico-para-socios-AEGM-v2.pdf\" target=\"_blank\" rel=\"noopener\">Asesoramiento jur\u00eddico b\u00e1sico para socios AEGM<\/a><\/p><p style=\"text-align: justify;\"><a href=\"https:\/\/www.aegm.org\/wp-content\/uploads\/2021\/11\/ficha-requisitos-laborales-fiscales-para-el-ejercicio-profesional-autonomo.pdf\" target=\"_blank\" rel=\"noopener\">Ficha requisitos laborales-fiscales para el ejercicio profesional aut\u00f3nomo<\/a><\/p><p style=\"text-align: justify;\"><a href=\"https:\/\/www.aegm.org\/wp-content\/uploads\/2021\/11\/tabla-resumen-de-las-regulaciones-profesionales-en-las-ccaa.pdf\" target=\"_blank\" rel=\"noopener\">Tabla resumen de las regulaciones profesionales en las CCAA<\/a><\/p>\t\t\t\t<\/div>\n\t\t\t\t\t\t\n\t\t\t\t<\/div>\n\t\t\t\t\n\t\t\t<\/div>\n\t\t\t\t\t\t\t\t\t<div class=\"accordion-item panel \">\n\t\t\t\t\n\t\t\t\t<div class=\"accordion-heading\" role=\"tab\" id=\"heading-23011\">\n\t\t\t\t<h4 class=\"accordion-title\">\n\t\t\t\t\t<a class=\"collapsed\" role=\"button\" data-toggle=\"collapse\" \n\t\t\t\t\tdata-parent=\"#accordion-69ee127f2e132\" href=\"#collapse-23011\" \n\t\t\t\t\taria-expanded=\"false\" aria-controls=\"collapse-23011\">\n\t\n\t\t\t\t\t\tGesti\u00f3n socios\n\t\t\t\t\t\t<span class=\"accordion-expander\">\n\t\t\t\t\t\t\t<i class=\"lqd-icn-ess icon-ion-ios-add\"><\/i>\n\t\t\t\t\t\t\t<i class=\"lqd-icn-ess icon-ion-ios-remove\"><\/i>\n\t\t\t\t\t\t<\/span>\n\t\t\t\t\t<\/a>\n\t\t\t\t<\/h4>\n\t\t\t\t<\/div>\n\t\t\t\t\n\t\t\t\t<div id=\"collapse-23011\" class=\"accordion-collapse collapse \" role=\"tabpanel\" aria-labelledby=\"heading-23011\">\n\n\t\t\t\t<div class=\"accordion-content\">\n\t\t\t\t\t<p style=\"text-align: justify;\"><strong>Gesti\u00f3n de socios AEGM<\/strong><\/p><p style=\"text-align: justify;\"><a href=\"https:\/\/www.aegm.org\/wp-content\/uploads\/2021\/11\/solicitud-baja-aegm.pdf\" target=\"_blank\" rel=\"noopener\">Solicitud baja AEGM<\/a><\/p><p style=\"text-align: justify;\"><a href=\"https:\/\/www.aegm.org\/wp-content\/uploads\/2021\/11\/gratuidad-mayores-65-anos-aegm.pdf\" target=\"_blank\" rel=\"noopener\">Gratuidad mayores de 65 a\u00f1os AEGM<\/a><\/p>\t\t\t\t<\/div>\n\t\t\t\t\t\t\n\t\t\t\t<\/div>\n\t\t\t\t\n\t\t\t<\/div>\n\t\t\t\t\t\t\t\t\t<div class=\"accordion-item panel \">\n\t\t\t\t\n\t\t\t\t<div class=\"accordion-heading\" role=\"tab\" id=\"heading-23012\">\n\t\t\t\t<h4 class=\"accordion-title\">\n\t\t\t\t\t<a class=\"collapsed\" role=\"button\" data-toggle=\"collapse\" \n\t\t\t\t\tdata-parent=\"#accordion-69ee127f2e132\" href=\"#collapse-23012\" \n\t\t\t\t\taria-expanded=\"false\" aria-controls=\"collapse-23012\">\n\t\n\t\t\t\t\t\tPatrocinadores\n\t\t\t\t\t\t<span class=\"accordion-expander\">\n\t\t\t\t\t\t\t<i class=\"lqd-icn-ess icon-ion-ios-add\"><\/i>\n\t\t\t\t\t\t\t<i class=\"lqd-icn-ess icon-ion-ios-remove\"><\/i>\n\t\t\t\t\t\t<\/span>\n\t\t\t\t\t<\/a>\n\t\t\t\t<\/h4>\n\t\t\t\t<\/div>\n\t\t\t\t\n\t\t\t\t<div id=\"collapse-23012\" class=\"accordion-collapse collapse \" role=\"tabpanel\" aria-labelledby=\"heading-23012\">\n\n\t\t\t\t<div class=\"accordion-content\">\n\t\t\t\t\t<p style=\"text-align: justify;\">Listado de patrocinadores de la AEGM<\/p><p style=\"text-align: justify;\"><a href=\"https:\/\/www.aegm.org\/wp-content\/uploads\/2021\/11\/sponsors-aegm-2021.pdf\" target=\"_blank\" rel=\"noopener\">Condiciones generales de las ofertas y forma de contacto<\/a><\/p><ul><li style=\"text-align: justify;\">Barrabes<\/li><li style=\"text-align: justify;\">Mega plus \u2013 Black Diamond<\/li><li style=\"text-align: justify;\">Mega Plus \u2013 Haflogs<\/li><li style=\"text-align: justify;\">Mega Plus- Lowa<\/li><li style=\"text-align: justify;\">Boreal<\/li><li style=\"text-align: justify;\">Editorial Alpina<\/li><li style=\"text-align: justify;\">Hoteles Eizasa<\/li><li style=\"text-align: justify;\">Hoteles Sn\u00f6<\/li><li style=\"text-align: justify;\">Izas<\/li><li style=\"text-align: justify;\">Land<\/li><li style=\"text-align: justify;\">Ortovox<\/li><li style=\"text-align: justify;\">Resolar Grip<\/li><li style=\"text-align: justify;\">Solo Climb<\/li><li style=\"text-align: justify;\">Totem Cam<\/li><li style=\"text-align: justify;\">Twonaw<\/li><li style=\"text-align: justify;\">Altus<\/li><li style=\"text-align: justify;\">Jorri<\/li><li style=\"text-align: justify;\">Julbo \u2013 Sportiva<\/li><li style=\"text-align: justify;\">Aksa<\/li><\/ul>\t\t\t\t<\/div>\n\t\t\t\t\t\t\n\t\t\t\t<\/div>\n\t\t\t\t\n\t\t\t<\/div>\n\t\t\t\t\t\t\n\t\t<\/div>\n\n\t\t\t\t<\/div>\n\t\t\t\t<\/div>\n\t\t\t\t<div class=\"elementor-element elementor-element-354534a elementor-widget-divider--view-line elementor-widget elementor-widget-divider\" data-id=\"354534a\" data-element_type=\"widget\" data-widget_type=\"divider.default\">\n\t\t\t\t<div class=\"elementor-widget-container\">\n\t\t\t<style>\/*! elementor - v3.5.3 - 28-12-2021 *\/\n.elementor-widget-divider{--divider-border-style:none;--divider-border-width:1px;--divider-color:#2c2c2c;--divider-icon-size:20px;--divider-element-spacing:10px;--divider-pattern-height:24px;--divider-pattern-size:20px;--divider-pattern-url:none;--divider-pattern-repeat:repeat-x}.elementor-widget-divider .elementor-divider{display:-webkit-box;display:-ms-flexbox;display:flex}.elementor-widget-divider .elementor-divider__text{font-size:15px;line-height:1;max-width:95%}.elementor-widget-divider .elementor-divider__element{margin:0 var(--divider-element-spacing);-ms-flex-negative:0;flex-shrink:0}.elementor-widget-divider .elementor-icon{font-size:var(--divider-icon-size)}.elementor-widget-divider .elementor-divider-separator{display:-webkit-box;display:-ms-flexbox;display:flex;margin:0;direction:ltr}.elementor-widget-divider--view-line_icon .elementor-divider-separator,.elementor-widget-divider--view-line_text .elementor-divider-separator{-webkit-box-align:center;-ms-flex-align:center;align-items:center}.elementor-widget-divider--view-line_icon .elementor-divider-separator:after,.elementor-widget-divider--view-line_icon .elementor-divider-separator:before,.elementor-widget-divider--view-line_text .elementor-divider-separator:after,.elementor-widget-divider--view-line_text .elementor-divider-separator:before{display:block;content:\"\";border-bottom:0;-webkit-box-flex:1;-ms-flex-positive:1;flex-grow:1;border-top:var(--divider-border-width) var(--divider-border-style) var(--divider-color)}.elementor-widget-divider--element-align-left .elementor-divider .elementor-divider-separator>.elementor-divider__svg:first-of-type{-webkit-box-flex:0;-ms-flex-positive:0;flex-grow:0;-ms-flex-negative:100;flex-shrink:100}.elementor-widget-divider--element-align-left .elementor-divider-separator:before{content:none}.elementor-widget-divider--element-align-left .elementor-divider__element{margin-left:0}.elementor-widget-divider--element-align-right .elementor-divider .elementor-divider-separator>.elementor-divider__svg:last-of-type{-webkit-box-flex:0;-ms-flex-positive:0;flex-grow:0;-ms-flex-negative:100;flex-shrink:100}.elementor-widget-divider--element-align-right .elementor-divider-separator:after{content:none}.elementor-widget-divider--element-align-right .elementor-divider__element{margin-right:0}.elementor-widget-divider:not(.elementor-widget-divider--view-line_text):not(.elementor-widget-divider--view-line_icon) .elementor-divider-separator{border-top:var(--divider-border-width) var(--divider-border-style) var(--divider-color)}.elementor-widget-divider--separator-type-pattern{--divider-border-style:none}.elementor-widget-divider--separator-type-pattern.elementor-widget-divider--view-line .elementor-divider-separator,.elementor-widget-divider--separator-type-pattern:not(.elementor-widget-divider--view-line) .elementor-divider-separator:after,.elementor-widget-divider--separator-type-pattern:not(.elementor-widget-divider--view-line) .elementor-divider-separator:before,.elementor-widget-divider--separator-type-pattern:not([class*=elementor-widget-divider--view]) .elementor-divider-separator{width:100%;min-height:var(--divider-pattern-height);-webkit-mask-size:var(--divider-pattern-size) 100%;mask-size:var(--divider-pattern-size) 100%;-webkit-mask-repeat:var(--divider-pattern-repeat);mask-repeat:var(--divider-pattern-repeat);background-color:var(--divider-color);-webkit-mask-image:var(--divider-pattern-url);mask-image:var(--divider-pattern-url)}.elementor-widget-divider--no-spacing{--divider-pattern-size:auto}.elementor-widget-divider--bg-round{--divider-pattern-repeat:round}.rtl .elementor-widget-divider .elementor-divider__text{direction:rtl}<\/style>\t\t<div class=\"elementor-divider\">\n\t\t\t<span class=\"elementor-divider-separator\">\n\t\t\t\t\t\t<\/span>\n\t\t<\/div>\n\t\t\t\t<\/div>\n\t\t\t\t<\/div>\n\t\t\t\t<div class=\"elementor-element elementor-element-4c09e56 elementor-widget elementor-widget-hub_fancy_heading\" data-id=\"4c09e56\" data-element_type=\"widget\" data-widget_type=\"hub_fancy_heading.default\">\n\t\t\t\t<div class=\"elementor-widget-container\">\n\t\t\t\n\t\t<div id=\"ld-fancy-heading-69ee127f2fae4\" class=\"ld-fancy-heading\">\n\t\t\t<h3 class=\"ld-fh-element elementor-heading-title lqd-highlight-underline lqd-highlight-grow-left h3\"  > Reciclajes<\/h3>\t\t<\/div>\n\n\t\t\t\t<\/div>\n\t\t\t\t<\/div>\n\t\t\t\t<div class=\"elementor-element elementor-element-a6f15dd elementor-widget elementor-widget-text-editor\" data-id=\"a6f15dd\" data-element_type=\"widget\" data-widget_type=\"text-editor.default\">\n\t\t\t\t<div class=\"elementor-widget-container\">\n\t\t\t<style>\/*! elementor - v3.5.3 - 28-12-2021 *\/\n.elementor-widget-text-editor.elementor-drop-cap-view-stacked .elementor-drop-cap{background-color:#818a91;color:#fff}.elementor-widget-text-editor.elementor-drop-cap-view-framed .elementor-drop-cap{color:#818a91;border:3px solid;background-color:transparent}.elementor-widget-text-editor:not(.elementor-drop-cap-view-default) .elementor-drop-cap{margin-top:8px}.elementor-widget-text-editor:not(.elementor-drop-cap-view-default) .elementor-drop-cap-letter{width:1em;height:1em}.elementor-widget-text-editor .elementor-drop-cap{float:left;text-align:center;line-height:1;font-size:50px}.elementor-widget-text-editor .elementor-drop-cap-letter{display:inline-block}<\/style>\t\t\t\t<p style=\"text-align: justify;\">Inscripci\u00f3n<\/p>\n<p style=\"text-align: justify;\">Ll\u00e1manos o escr\u00edbenos a info@aegm.org para realizar la reserva de la plaza.<\/p>\n<p style=\"text-align: justify;\">Una vez te confirmen que dispones de esta plaza, ingresa en un plazo no superior a una semana, la cantidad que se te indique. Una vez abonada esta cantidad no se podr\u00e1 recuperar, ya que esto influir\u00eda sobre el resto de compa\u00f1eros.<\/p>\n<p style=\"text-align: justify;\">Una vez se cierre el plazo, dos semanas antes del inicio del reciclaje, se te pedir\u00e1 que abones el resto del importe (condici\u00f3n indispensable para poder realizar el reciclaje).<\/p>\n<p style=\"text-align: justify;\">Recuerda que el plazo de inscripci\u00f3n se cierra dos semanas antes del inicio del curso.<\/p>\t\t\t\t\t\t<\/div>\n\t\t\t\t<\/div>\n\t\t\t\t<div class=\"elementor-element elementor-element-bc97f8a elementor-widget elementor-widget-wp-widget-mec_mec_widget\" data-id=\"bc97f8a\" data-element_type=\"widget\" data-widget_type=\"wp-widget-mec_mec_widget.default\">\n\t\t\t\t<div class=\"elementor-widget-container\">\n\t\t\t<div class=\"mec-wrap mec-skin-list-container mec-widget  \" id=\"mec_skin_734\">\r\n    \r\n    \r\n        <div class=\"mec-skin-list-events-container\" id=\"mec_skin_events_734\">\r\n        Pas d'\u00e9v\u00e9nement actuellement programm\u00e9.    <\/div>\r\n        \r\n        \r\n<\/div>\t\t<\/div>\n\t\t\t\t<\/div>\n\t\t\t\t<div class=\"elementor-element elementor-element-c568cff elementor-widget-divider--view-line elementor-widget elementor-widget-divider\" data-id=\"c568cff\" data-element_type=\"widget\" data-widget_type=\"divider.default\">\n\t\t\t\t<div class=\"elementor-widget-container\">\n\t\t\t\t\t<div class=\"elementor-divider\">\n\t\t\t<span class=\"elementor-divider-separator\">\n\t\t\t\t\t\t<\/span>\n\t\t<\/div>\n\t\t\t\t<\/div>\n\t\t\t\t<\/div>\n\t\t\t\t<div class=\"elementor-element elementor-element-169f1e2 elementor-widget elementor-widget-hub_fancy_heading\" data-id=\"169f1e2\" data-element_type=\"widget\" data-widget_type=\"hub_fancy_heading.default\">\n\t\t\t\t<div class=\"elementor-widget-container\">\n\t\t\t\n\t\t<div id=\"ld-fancy-heading-69ee127f37b69\" class=\"ld-fancy-heading\">\n\t\t\t<h3 class=\"ld-fh-element elementor-heading-title lqd-highlight-underline lqd-highlight-grow-left h3\"  > Imagen corporativa<\/h3>\t\t<\/div>\n\n\t\t\t\t<\/div>\n\t\t\t\t<\/div>\n\t\t\t\t<div class=\"elementor-element elementor-element-6003503 elementor-widget elementor-widget-ld_accordion\" data-id=\"6003503\" data-element_type=\"widget\" data-widget_type=\"ld_accordion.default\">\n\t\t\t\t<div class=\"elementor-widget-container\">\n\t\t\t\n\t\t<div class=\"accordion accordion-title-underlined accordion-lg accordion-expander-left accordion-expander-lg accordion-active-has-fill\" id=\"accordion-69ee127f3880d\" role=\"tablist\" aria-multiselectable=\"true\">\n\t\t\t\t\t\t\t\t\t\t\t\t<div class=\"accordion-item panel \">\n\t\t\t\t\n\t\t\t\t<div class=\"accordion-heading\" role=\"tab\" id=\"heading-1001\">\n\t\t\t\t<h4 class=\"accordion-title\">\n\t\t\t\t\t<a class=\"collapsed\" role=\"button\" data-toggle=\"collapse\" \n\t\t\t\t\tdata-parent=\"#accordion-69ee127f3880d\" href=\"#collapse-1001\" \n\t\t\t\t\taria-expanded=\"false\" aria-controls=\"collapse-1001\">\n\t\n\t\t\t\t\t\tLogos para descargar\n\t\t\t\t\t\t<span class=\"accordion-expander\">\n\t\t\t\t\t\t\t<i class=\"lqd-icn-ess icon-ion-ios-add\"><\/i>\n\t\t\t\t\t\t\t<i class=\"lqd-icn-ess icon-ion-ios-remove\"><\/i>\n\t\t\t\t\t\t<\/span>\n\t\t\t\t\t<\/a>\n\t\t\t\t<\/h4>\n\t\t\t\t<\/div>\n\t\t\t\t\n\t\t\t\t<div id=\"collapse-1001\" class=\"accordion-collapse collapse \" role=\"tabpanel\" aria-labelledby=\"heading-1001\">\n\n\t\t\t\t<div class=\"accordion-content\">\n\t\t\t\t\t<style type=\"text\/css\">\n#contenedor {\n    display: table;\n    border: 0px solid #000;\n    width: 100%;\n    text-align: center;\n    margin: 0 auto;\n}\n#contenidos {\n    display: table-row;\n}\n#columna1, #columna2, #columna3 {\n    display: table-cell;\n    border: 0px solid #000;\n    vertical-align: top;\n    padding: 10px;\n}\n<\/style>\n<p style=\"text-align: justify;\">La AEGM viene respaldada por la seriedad en sus planteamientos y la solidez que le aporta ser la representante de la UIAGM y la UIMLA, asociaciones s\u00f3lidamente asentadas en el plano internacional.<\/p>\n<p style=\"text-align: justify;\">Te recordamos que los logotipos pertenecen a las asociaciones que representan y est\u00e1n protegidos, no pudiendo usarse si no perteneces a las asociaciones que representan.<\/p>\n<p style=\"text-align: justify;\">Por favor, leed el reglamento de logotipos para hacer un uso adecuado de los mismos y recordad que los logotipos deben ir asociados directa e inequ\u00edvocamente con la persona que posee dicha titulaci\u00f3n y nunca de forma indiscriminada y general con una empresa o asociaci\u00f3n.<\/p>\n\n<div id=\"contenedor\">\n<div id=\"contenidos\">\n<div id=\"columna1\">\n\n<img decoding=\"async\" class=\"alignnone size-full wp-image-11174\" src=\"https:\/\/www.aegm.org\/wp-content\/uploads\/2021\/11\/LOGO-AEGM-100px.png\" alt=\"\" width=\"100\" height=\"114\" \/><br><br>\n\n<a href=\"https:\/\/www.aegm.org\/logos\/LOGO-AEGMai.zip\" target=\"_blank\" rel=\"noopener\">Descargar ai<\/a><br>\n<a href=\"https:\/\/www.aegm.org\/logos\/LOGO-AEGMeps.zip\" target=\"_blank\" rel=\"noopener\">Descargar eps<\/a><br>\n<a href=\"https:\/\/www.aegm.org\/logos\/LOGO-AEGMpng.zip\" target=\"_blank\" rel=\"noopener\">Descargar png<\/a><br>\n<a href=\"https:\/\/www.aegm.org\/logos\/LOGO-AEGMjpg.zip\" target=\"_blank\" rel=\"noopener\">Descargar jpg<\/a>\n\n<\/div>\n<div id=\"columna2\">\n\n<img decoding=\"async\" class=\"alignnone size-full wp-image-11175\" src=\"https:\/\/www.aegm.org\/wp-content\/uploads\/2021\/11\/LOGO-AEGM-NEGATIVO-1T-100px.png\" alt=\"\" width=\"100\" height=\"114\" \/><br><br>\n\n<a href=\"https:\/\/www.aegm.org\/logos\/LOGO-AEGM-NEGATIVO-1Tai.zip\" target=\"_blank\" rel=\"noopener\">Descargar ai<\/a><br>\n<a href=\"https:\/\/www.aegm.org\/logos\/LOGO-AEGM-NEGATIVO-1Teps.zip\" target=\"_blank\" rel=\"noopener\">Descargar eps<\/a><br>\n<a href=\"https:\/\/www.aegm.org\/logos\/LOGO-AEGM-NEGATIVO-1Tpng.zip\" target=\"_blank\" rel=\"noopener\">Descargar png<\/a><br>\n<a href=\"https:\/\/www.aegm.org\/logos\/LOGO-AEGM-NEGATIVO-1Tjpg.zip\" target=\"_blank\" rel=\"noopener\">Descargar jpg<\/a>\n\n<\/div>\n<div id=\"columna2\">\n\n<img decoding=\"async\" class=\"alignnone size-full wp-image-11176\" src=\"https:\/\/www.aegm.org\/wp-content\/uploads\/2021\/11\/LOGO-AEGM-POSITIVO-1T-100px.png\" alt=\"\" width=\"100\" height=\"114\" \/><br><br>\n\n<a href=\"https:\/\/www.aegm.org\/logos\/LOGO-AEGM-POSITIVO-1Tai.zip\" target=\"_blank\" rel=\"noopener\">Descargar ai<\/a><br>\n<a href=\"https:\/\/www.aegm.org\/logos\/LOGO-AEGM-POSITIVO-1Teps.zip\" target=\"_blank\" rel=\"noopener\">Descargar eps<\/a><br>\n<a href=\"https:\/\/www.aegm.org\/logos\/LOGO-AEGM-POSITIVO-1Tpng.zip\" target=\"_blank\" rel=\"noopener\">Descargar png<\/a><br>\n<a href=\"https:\/\/www.aegm.org\/logos\/LOGO-AEGM-POSITIVO-1Tjpg.zip\" target=\"_blank\" rel=\"noopener\">Descargar jpg<\/a>\n\n<\/div>\n<\/div>\n<div id=\"contenidos\">\n<div id=\"columna1\">\n\n<img decoding=\"async\" class=\"alignnone size-full wp-image-11177\" src=\"https:\/\/www.aegm.org\/wp-content\/uploads\/2021\/11\/LOGO-UIMLA-100px.jpg\" alt=\"\" width=\"100\" height=\"100\" \/><br><br>\n\n<a href=\"https:\/\/www.aegm.org\/logos\/LOGO-UIMLA-trazadoai.zip\" target=\"_blank\" rel=\"noopener\">Descargar ai<\/a><br>\n<a href=\"https:\/\/www.aegm.org\/logos\/LOGO-UIMLAeps.zip\" target=\"_blank\" rel=\"noopener\">Descargar eps<\/a><br>\n<a href=\"https:\/\/www.aegm.org\/logos\/LOGO-UIMLApng.zip\" target=\"_blank\" rel=\"noopener\">Descargar png<\/a><br>\n<a href=\"https:\/\/www.aegm.org\/logos\/LOGO-UIMLAjpg.zip\" target=\"_blank\" rel=\"noopener\">Descargar jpg<\/a>\n\n<\/div>\n<div id=\"columna2\">\n\n<img decoding=\"async\" class=\"alignnone size-full wp-image-11178\" src=\"https:\/\/www.aegm.org\/wp-content\/uploads\/2021\/11\/logo-uiagm-100px.jpg\" alt=\"\" width=\"100\" height=\"100\" \/><br><br>\n\n<a href=\"https:\/\/www.aegm.org\/logos\/logo-uiagmjpg.zip\" target=\"_blank\" rel=\"noopener\">Descargar jpg<\/a>\n\n<\/div>\n<div id=\"columna2\">\n\n<img decoding=\"async\" class=\"alignnone size-full wp-image-11179\" src=\"https:\/\/www.aegm.org\/wp-content\/uploads\/2021\/11\/logo-guia-de-barrancos-100px.jpg\" alt=\"\" width=\"100\" height=\"114\" \/><br><br>\n\n<a href=\"https:\/\/www.aegm.org\/logos\/LogoBarrancos.rar\" target=\"_blank\" rel=\"noopener\">Descargar png<\/a><br>\n<a href=\"https:\/\/www.aegm.org\/logos\/logo-guia-de-barrancosjpg.zip\" target=\"_blank\" rel=\"noopener\">Descargar jpg<\/a>\n\n<\/div>\n<\/div>\n<div id=\"contenidos\">\n<div id=\"columna1\">\n\n<img decoding=\"async\" class=\"alignnone size-full wp-image-11181\" src=\"https:\/\/www.aegm.org\/wp-content\/uploads\/2021\/11\/alta-montana.png\" alt=\"\" width=\"87\" height=\"100\" \/><br><br>\n\n<a href=\"https:\/\/www.aegm.org\/logos\/alta-montana-png.png\" target=\"_blank\" rel=\"noopener\">Descargar png<\/a><br>\n<a href=\"https:\/\/www.aegm.org\/logos\/alta-montana-jpg.jpg\" target=\"_blank\" rel=\"noopener\">Descargar jpg<\/a>\n\n<\/div>\n<div id=\"columna2\">\n\n<img decoding=\"async\" class=\"alignnone size-full wp-image-11182\" src=\"https:\/\/www.aegm.org\/wp-content\/uploads\/2021\/11\/escalada.png\" alt=\"\" width=\"87\" height=\"100\" \/><br><br>\n\n<a href=\"https:\/\/www.aegm.org\/logos\/escalada-png.png\" target=\"_blank\" rel=\"noopener\">Descargar png<\/a><br>\n<a href=\"https:\/\/www.aegm.org\/logos\/escalada-jpg.jpg\" target=\"_blank\" rel=\"noopener\">Descargar jpg<\/a>\n\n<\/div>\n<div id=\"columna2\">\n\n<\/div>\n<\/div>\n<\/div>\t\t\t\t<\/div>\n\t\t\t\t\t\t\n\t\t\t\t<\/div>\n\t\t\t\t\n\t\t\t<\/div>\n\t\t\t\t\t\t\t\t\t<div class=\"accordion-item panel \">\n\t\t\t\t\n\t\t\t\t<div class=\"accordion-heading\" role=\"tab\" id=\"heading-1002\">\n\t\t\t\t<h4 class=\"accordion-title\">\n\t\t\t\t\t<a class=\"collapsed\" role=\"button\" data-toggle=\"collapse\" \n\t\t\t\t\tdata-parent=\"#accordion-69ee127f3880d\" href=\"#collapse-1002\" \n\t\t\t\t\taria-expanded=\"false\" aria-controls=\"collapse-1002\">\n\t\n\t\t\t\t\t\tReglamento uso logos\n\t\t\t\t\t\t<span class=\"accordion-expander\">\n\t\t\t\t\t\t\t<i class=\"lqd-icn-ess icon-ion-ios-add\"><\/i>\n\t\t\t\t\t\t\t<i class=\"lqd-icn-ess icon-ion-ios-remove\"><\/i>\n\t\t\t\t\t\t<\/span>\n\t\t\t\t\t<\/a>\n\t\t\t\t<\/h4>\n\t\t\t\t<\/div>\n\t\t\t\t\n\t\t\t\t<div id=\"collapse-1002\" class=\"accordion-collapse collapse \" role=\"tabpanel\" aria-labelledby=\"heading-1002\">\n\n\t\t\t\t<div class=\"accordion-content\">\n\t\t\t\t\t<p style=\"text-align: justify;\">REGLAMENTACI\u00d3N AEGM USO LOGOS Y TERMINOLOG\u00cdA TITULACIONES.<\/p><p style=\"text-align: justify;\">La Junta Directiva de la AEGM considera de especial importancia el uso adecuado de los logotipos y de la terminolog\u00eda de las titulaciones por parte de los asociados.<\/p><p style=\"text-align: justify;\">Para ello, ha elaborado esta circular informativa a los asociados para que est\u00e9n informados acerca de esta reglamentaci\u00f3n.<\/p><ul><li style=\"text-align: justify;\">La AEGM es una asociaci\u00f3n de Gu\u00edas individuales, no de colectivos, empresas o asociaciones.<\/li><li style=\"text-align: justify;\">La pertenencia a la AEGM es de cada Gu\u00eda en particular, independientemente de que trabaje s\u00f3lo o en grupo, como aut\u00f3nomo o asalariado.<\/li><li style=\"text-align: justify;\">El uso del logotipo y las siglas AEGM s\u00f3lo pueden estar asociadas al Gu\u00eda en particular y no al colectivo o empresa en que trabaje.<\/li><li style=\"text-align: justify;\">Ser Gu\u00eda de Alta Monta\u00f1a o Gu\u00eda de Media Monta\u00f1a da derecho a obtener unas credenciales internacionales (UIAGM y UIMLA) que tambi\u00e9n son personales del Gu\u00eda que tiene esta titulaci\u00f3n (cuando esta haya sido avalada por la AEGM y la UIAGM y UIMLA), nunca son del colectivo o empresa en que est\u00e9 trabajando el gu\u00eda.<\/li><li style=\"text-align: justify;\">Podr\u00e1n hacer uso de los logos aquellas escuelas con convenio en vigor con la AEGM para la obtenci\u00f3n de las credenciales internacionales UIMLA y\/o UIAGM, estando prohibido el uso de los logos de la AEGM, UIMLA y UIAGM si dichas escuelas no cumplen con los requisitos mencionados. El centro de formaci\u00f3n estar\u00e1 obligado a colocar siempre junto al logo de la AEGM las siguientes palabras: \u201ccentro con convenio:\u201d.<\/li><\/ul><p style=\"text-align: justify;\">Por ello, el uso correcto de los logotipos y terminolog\u00edas es:<\/p><ul><li style=\"text-align: justify;\">AEGM: Todos los socios de la AEGM y escuelas con acuerdo UIAGM\/UIMLA.<\/li><li style=\"text-align: justify;\">UIAGM: Gu\u00edas de Alta Monta\u00f1a con la credencial UIAGM y escuelas con acuerdo UIAGM.<\/li><li style=\"text-align: justify;\">UIMLA: Gu\u00edas de Media Monta\u00f1a con la credencial UIMLA y escuelas con acuerdo UIMLA.<\/li><\/ul><p style=\"text-align: justify;\">El uso correcto de los t\u00e9rminos correspondientes a cada t\u00edtulo es:<\/p><ul><li style=\"text-align: justify;\">GUIA DE ALTA MONTA\u00d1A UIAGM: este t\u00e9rmino podr\u00e1 utilizarse por los T\u00e9cnicos Deportivos Superiores en Alta Monta\u00f1a siempre que est\u00e9n en posesi\u00f3n de la credencial UIAGM.<\/li><li style=\"text-align: justify;\">GUIA DE ALTA MONTA\u00d1A: este t\u00e9rmino podr\u00e1 utilizarse por los T\u00e9cnicos Deportivos en Alta Monta\u00f1a y T\u00e9cnicos Deportivos Superiores en Alta Monta\u00f1a.<\/li><li style=\"text-align: justify;\">GUIA DE MEDIA MONTA\u00d1A UIMLA: podr\u00e1 utilizarse este t\u00e9rmino por los T\u00e9cnicos Deportivos de Media Monta\u00f1a siempre que est\u00e9n en posesi\u00f3n de la credencial UIMLA.<\/li><li style=\"text-align: justify;\">GUIA DE MEDIA MONTA\u00d1A: podr\u00e1 utilizarse este t\u00e9rmino por los T\u00e9cnicos Deportivos en Media Monta\u00f1a.<\/li><li style=\"text-align: justify;\">GUIA DE BARRANCOS: podr\u00e1n utilizar este t\u00e9rmino los T\u00e9cnicos Deportivo de Barrancos.<\/li><li style=\"text-align: justify;\">GUIA DE ESCALADA: este t\u00e9rmino podr\u00e1 ser empleado por los T\u00e9cnicos Deportivos Superiores en Escalada y por los T\u00e9cnicos Deportivos en Escalada.<\/li><li style=\"text-align: justify;\">GU\u00cdA DE MONTA\u00d1A: es el t\u00e9rmino gen\u00e9rico que pueden usar todos los T\u00e9cnicos Deportivos de monta\u00f1a se\u00f1alando siempre a continuaci\u00f3n la especialidad que ostentan. Por tanto, no se puede usar solo \u201cgu\u00eda de monta\u00f1a\u201d, sino:<ul><li style=\"text-align: justify;\">GU\u00cdA DE MONTA\u00d1A, ESPECIALIDAD MEDIA MONTA\u00d1A<\/li><li style=\"text-align: justify;\">GU\u00cdA DE MONTA\u00d1A, ESPECIALIDAD BARRANCOS<\/li><li style=\"text-align: justify;\">GU\u00cdA DE MONTA\u00d1A, ESPECIALIDAD ESCALADA<\/li><li style=\"text-align: justify;\">GU\u00cdA DE MONTA\u00d1A, ESPECIALIDAD ALTA MONTA\u00d1A<\/li><\/ul><\/li><\/ul><p style=\"text-align: justify;\">La correcta colocaci\u00f3n de los logotipos y t\u00e9rminos en nuestra comunicaci\u00f3n al exterior (publicidad) es:<\/p><ul><li style=\"text-align: justify;\">Cada logotipo y t\u00e9rmino de la titulaci\u00f3n a usar debe ir JUNTO AL NOMBRE Y\/O FOTO DEL GUIA CORRESPONDIENTE, no al final de la lista en conjunto o en referencia a la empresa o colectivo.<\/li><li style=\"text-align: justify;\">Los logos y el nombre del gu\u00eda correspondiente deben tener una proporci\u00f3n adecuada, es decir, no se puede poner el logo (AEGM, UIAGM o UIMLA) en un tama\u00f1o y el nombre del gu\u00eda en otro completamente desproporcionado. Debe verse con claridad el nombre que va asociado al logo.<\/li><li style=\"text-align: justify;\">Los logotipos NO DEBEN SER ALTERADOS EN CUANTO A FORMA Y \/ O COLOR, s\u00f3lo pueden variarse en el tama\u00f1o y manteniendo siempre las proporciones.<\/li><\/ul><p style=\"text-align: justify;\"><a href=\"https:\/\/www.aegm.org\/wp-content\/uploads\/2021\/11\/uso-de-logos.pdf\" target=\"_blank\" rel=\"noopener\">Descargar reglamentaci\u00f3n de uso de logotipos y terminolog\u00eda de titulaciones<\/a><\/p>\t\t\t\t<\/div>\n\t\t\t\t\t\t\n\t\t\t\t<\/div>\n\t\t\t\t\n\t\t\t<\/div>\n\t\t\t\t\t\t\t\t\t<div class=\"accordion-item panel \">\n\t\t\t\t\n\t\t\t\t<div class=\"accordion-heading\" role=\"tab\" id=\"heading-1003\">\n\t\t\t\t<h4 class=\"accordion-title\">\n\t\t\t\t\t<a class=\"collapsed\" role=\"button\" data-toggle=\"collapse\" \n\t\t\t\t\tdata-parent=\"#accordion-69ee127f3880d\" href=\"#collapse-1003\" \n\t\t\t\t\taria-expanded=\"false\" aria-controls=\"collapse-1003\">\n\t\n\t\t\t\t\t\tMaterial corporativo\n\t\t\t\t\t\t<span class=\"accordion-expander\">\n\t\t\t\t\t\t\t<i class=\"lqd-icn-ess icon-ion-ios-add\"><\/i>\n\t\t\t\t\t\t\t<i class=\"lqd-icn-ess icon-ion-ios-remove\"><\/i>\n\t\t\t\t\t\t<\/span>\n\t\t\t\t\t<\/a>\n\t\t\t\t<\/h4>\n\t\t\t\t<\/div>\n\t\t\t\t\n\t\t\t\t<div id=\"collapse-1003\" class=\"accordion-collapse collapse \" role=\"tabpanel\" aria-labelledby=\"heading-1003\">\n\n\t\t\t\t<div class=\"accordion-content\">\n\t\t\t\t\t<p>Material corporativo Insignia met\u00e1lica U.I.A.G.M. \u2014\u2014\u2014\u2014\u2014\u2014\u2014 11,00\u20ac\/Ud.<br \/>Distintivo en tela U.I.A.G.M. (para coser) \u2014\u2014\u2014\u2014\u2014\u2014\u2014 11,00\u20ac\/Ud.<br \/>Distintivo en tela U.I.A.G.M. (para planchar) \u2014\u2014\u2014\u2014\u2014\u2014\u2014 5,00\u20ac\/Ud.<br \/>Adhesivo U.I.A.G.M. 6 cm \u2014\u2014\u2014\u2014\u2014\u2014\u2014 2,00\u20ac\/Ud.<br \/>Adhesivo U.I.A.G.M. 20 cm \u2014\u2014\u2014\u2014\u2014\u2014\u2014 8,00\u20ac\/Ud.<br \/>Placa met\u00e1lica U.I.A.G.M. 30 cm \u2014\u2014\u2014\u2014\u2014\u2014\u2014 32,00\u20ac\/Ud.<br \/>Placa met\u00e1lica U.I.A.G.M. 70 cm \u2014\u2014\u2014\u2014\u2014\u2014\u2014 100,00\u20ac\/Ud.<br \/>Carnet y credencial anual U.I.A.G.M. \u2014\u2014\u2014\u2014\u2014\u2014\u2014 35,00\u20ac\/Ud.<br \/>Insignia UIMLA \u2014\u2014\u2014\u2014\u2014\u2014\u2014 6,00\u20ac\/Ud.<br \/>Distintivo en tela UIMLA (para coser) \u2014\u2014\u2014\u2014\u2014\u2014\u2014 3,00\u20ac\/Ud.<br \/>Distintivo adhesivo UIMLA \u2014\u2014\u2014\u2014\u2014\u2014\u2014 3,00\u20ac\/Ud.<br \/>Distintivo adhesivo AEGM \u2014\u2014\u2014\u2014\u2014\u2014\u2014 0,70\u20ac\/Ud.<br \/>Distintivo adhesivo barrancos \u2014\u2014\u2014\u2014\u2014\u2014\u2014 0,50\u20ac\/Ud.<br \/>Distintivo AEGM tela \u2014\u2014\u2014\u2014\u2014\u2014\u2014 3,00\u20ac\/Ud.<br \/>Distintivo barrancos tela \u2014\u2014\u2014\u2014\u2014\u2014\u2014 3,00\u20ac\/Ud.<br \/>Insignia met\u00e1lica AEGM \u2014\u2014\u2014\u2014\u2014\u2014\u2014 3,00\u20ac\/Ud.<\/p>\t\t\t\t<\/div>\n\t\t\t\t\t\t\n\t\t\t\t<\/div>\n\t\t\t\t\n\t\t\t<\/div>\n\t\t\t\t\t\t\t\t\t<div class=\"accordion-item panel \">\n\t\t\t\t\n\t\t\t\t<div class=\"accordion-heading\" role=\"tab\" id=\"heading-1004\">\n\t\t\t\t<h4 class=\"accordion-title\">\n\t\t\t\t\t<a class=\"collapsed\" role=\"button\" data-toggle=\"collapse\" \n\t\t\t\t\tdata-parent=\"#accordion-69ee127f3880d\" href=\"#collapse-1004\" \n\t\t\t\t\taria-expanded=\"false\" aria-controls=\"collapse-1004\">\n\t\n\t\t\t\t\t\tVideos corporativos\n\t\t\t\t\t\t<span class=\"accordion-expander\">\n\t\t\t\t\t\t\t<i class=\"lqd-icn-ess icon-ion-ios-add\"><\/i>\n\t\t\t\t\t\t\t<i class=\"lqd-icn-ess icon-ion-ios-remove\"><\/i>\n\t\t\t\t\t\t<\/span>\n\t\t\t\t\t<\/a>\n\t\t\t\t<\/h4>\n\t\t\t\t<\/div>\n\t\t\t\t\n\t\t\t\t<div id=\"collapse-1004\" class=\"accordion-collapse collapse \" role=\"tabpanel\" aria-labelledby=\"heading-1004\">\n\n\t\t\t\t<div class=\"accordion-content\">\n\t\t\t\t\t<p style=\"text-align: justify;\">Al igual que los logotipos, los v\u00eddeos pertenecen a la asociaci\u00f3n que representan y est\u00e1n protegidos, no pudiendo usarse si no perteneces a la asociaci\u00f3n al igual que esta prohibido su modificaci\u00f3n.<\/p><p style=\"text-align: justify;\">Por favor, leed el reglamento de logotipos que se aplica de igual manera a los v\u00eddeos, para hacer un uso adecuado de los mismos y recordad que estos deben ir asociados directa e inequ\u00edvocamente con la persona que posee dicha titulaci\u00f3n y nunca de forma indiscriminada y general con una empresa u otra entidad.<\/p><p><strong>1.- Media Monta\u00f1a \u2013 versi\u00f3n corto y versi\u00f3n largo:<\/strong><\/p><p><a href=\"https:\/\/www.youtube.com\/watch?v=ZNJ59ifvbRQ\" target=\"_blank\" rel=\"noopener\">https:\/\/www.youtube.com\/watch?v=ZNJ59ifvbRQ<\/a><\/p><p><a href=\"https:\/\/www.youtube.com\/watch?v=8NvTBk6FWkg\" target=\"_blank\" rel=\"noopener\">https:\/\/www.youtube.com\/watch?v=8NvTBk6FWkg<\/a><\/p><p><strong>2.- Escalada \u2013 versi\u00f3n corto y versi\u00f3n largo:<\/strong><\/p><p><a href=\"https:\/\/www.youtube.com\/watch?v=tbWwk6DmZG0\" target=\"_blank\" rel=\"noopener\">https:\/\/www.youtube.com\/watch?v=tbWwk6DmZG0<\/a><\/p><p><a href=\"https:\/\/www.youtube.com\/watch?v=nGREbQlC6S8\" target=\"_blank\" rel=\"noopener\">https:\/\/www.youtube.com\/watch?v=nGREbQlC6S8<\/a><\/p><p><strong>3.- Alta Monta\u00f1a- versi\u00f3n corto y versi\u00f3n largo:<\/strong><\/p><p><a href=\"https:\/\/www.youtube.com\/watch?v=2ymErIQ_KXw\" target=\"_blank\" rel=\"noopener\">https:\/\/www.youtube.com\/watch?v=2ymErIQ_KXw<\/a><\/p><p><a href=\"https:\/\/www.youtube.com\/watch?v=CNmP9Kyy7HE\" target=\"_blank\" rel=\"noopener\">https:\/\/www.youtube.com\/watch?v=CNmP9Kyy7HE<\/a><\/p><p><strong>4.- Barrancos \u2013 versi\u00f3n corto y versi\u00f3n largo:<\/strong><\/p><p><a href=\"https:\/\/www.youtube.com\/watch?v=AkezJw82GVM\" target=\"_blank\" rel=\"noopener\">https:\/\/www.youtube.com\/watch?v=AkezJw82GVM<\/a><\/p><p><a href=\"https:\/\/www.youtube.com\/watch?v=AkezJw82GVM\" target=\"_blank\" rel=\"noopener\">https:\/\/www.youtube.com\/watch?v=AkezJw82GVM<\/a><\/p><p><strong>5. Especialidades:<\/strong><\/p><p><a href=\"https:\/\/www.youtube.com\/watch?v=lexa9F1FNq4\" target=\"_blank\" rel=\"noopener\">https:\/\/www.youtube.com\/watch?v=lexa9F1FNq4<\/a><\/p><p><strong>6. Media Monta\u00f1a Invernal \u2013 versi\u00f3n corto y largo:<\/strong><\/p><p><a href=\"https:\/\/www.youtube.com\/watch?v=SuKXbq1Rbao\" target=\"_blank\" rel=\"noopener\">https:\/\/www.youtube.com\/watch?v=SuKXbq1Rbao<\/a><\/p><p><a href=\"https:\/\/www.youtube.com\/watch?v=rRXd0nX3XRs\" target=\"_blank\" rel=\"noopener\">https:\/\/www.youtube.com\/watch?v=rRXd0nX3XRs<\/a><\/p><p><strong>7. Alta Monta\u00f1a Invernal \u2013 versi\u00f3n corto y largo:<\/strong><\/p><p><a href=\"https:\/\/www.youtube.com\/watch?v=x3jkiXv8smU\" target=\"_blank\" rel=\"noopener\">https:\/\/www.youtube.com\/watch?v=x3jkiXv8smU<\/a><\/p><p><a href=\"https:\/\/www.youtube.com\/watch?v=R9h02EXpB3E\" target=\"_blank\" rel=\"noopener\">https:\/\/www.youtube.com\/watch?v=R9h02EXpB3E<\/a><\/p>\t\t\t\t<\/div>\n\t\t\t\t\t\t\n\t\t\t\t<\/div>\n\t\t\t\t\n\t\t\t<\/div>\n\t\t\t\t\t\t\n\t\t<\/div>\n\n\t\t\t\t<\/div>\n\t\t\t\t<\/div>\n\t\t\t\t\t<\/div>\n\t\t<\/div>\n\t\t\t\t\t\t\t<\/div>\n\t\t<\/section>\n\t\t\t\t\t\t<\/div>\n\t\t\t\t\t<\/div>\n\t\t","protected":false},"excerpt":{"rendered":"<p>Zona exclusiva para socios Seguros Si est\u00e1s interesado en contratar los seguros que dispone el colectivo AEGM, deber\u00e1s ponerte en contacto con la corredur\u00eda de seguros BROKERS D\u00b4OC S.L, con domicilio en C\/ Aneto n\u00ba 7, bajos, 25530 Vielha, Lleida, llamando al Tel\u00e9fono de contacto 973 64 03 95, o bien enviando un mail a [&hellip;]<\/p>\n","protected":false},"author":1,"featured_media":0,"parent":0,"menu_order":0,"comment_status":"closed","ping_status":"closed","template":"","meta":{"_cbd_carousel_blocks":"[]","_mi_skip_tracking":false,"_monsterinsights_sitenote_active":false,"_monsterinsights_sitenote_note":"","_monsterinsights_sitenote_category":0,"footnotes":""},"class_list":["post-11936","page","type-page","status-publish","hentry"],"_links":{"self":[{"href":"https:\/\/www.aegm.org\/fr\/wp-json\/wp\/v2\/pages\/11936","targetHints":{"allow":["GET"]}}],"collection":[{"href":"https:\/\/www.aegm.org\/fr\/wp-json\/wp\/v2\/pages"}],"about":[{"href":"https:\/\/www.aegm.org\/fr\/wp-json\/wp\/v2\/types\/page"}],"author":[{"embeddable":true,"href":"https:\/\/www.aegm.org\/fr\/wp-json\/wp\/v2\/users\/1"}],"replies":[{"embeddable":true,"href":"https:\/\/www.aegm.org\/fr\/wp-json\/wp\/v2\/comments?post=11936"}],"version-history":[{"count":1,"href":"https:\/\/www.aegm.org\/fr\/wp-json\/wp\/v2\/pages\/11936\/revisions"}],"predecessor-version":[{"id":11937,"href":"https:\/\/www.aegm.org\/fr\/wp-json\/wp\/v2\/pages\/11936\/revisions\/11937"}],"wp:attachment":[{"href":"https:\/\/www.aegm.org\/fr\/wp-json\/wp\/v2\/media?parent=11936"}],"curies":[{"name":"wp","href":"https:\/\/api.w.org\/{rel}","templated":true}]}}